{"id":217,"date":"2021-11-28T21:02:44","date_gmt":"2021-11-28T21:02:44","guid":{"rendered":"http:\/\/svsempach.ch\/?page_id=217"},"modified":"2021-12-06T08:25:58","modified_gmt":"2021-12-06T08:25:58","slug":"verein","status":"publish","type":"page","link":"https:\/\/svsempach.ch\/?page_id=217","title":{"rendered":"Verein"},"content":{"rendered":"\n<div class=\"wp-block-buttons is-layout-flex wp-block-buttons-is-layout-flex\">\n<div class=\"wp-block-button\"><a class=\"wp-block-button__link\" href=\"https:\/\/svsempach.ch\/?page_id=279\">Veranstaltungen<\/a><\/div>\n\n\n\n<div class=\"wp-block-button\"><a class=\"wp-block-button__link\" href=\"https:\/\/svsempach.ch\/?page_id=220\">Berichte<\/a><\/div>\n\n\n\n<div class=\"wp-block-button\"><a class=\"wp-block-button__link\" href=\"https:\/\/svsempach.ch\/?page_id=222\">Jahresprogramm<\/a><\/div>\n<\/div>\n\n\n\n<h2 class=\"wp-block-heading\"><strong>Kurzfassung Chronik Sportverein Sempach<\/strong><\/h2>\n\n\n\n<p class=\"wp-block-paragraph\"><br>Im Jahre 1966 l\u00f6ste sich die Frauenturngruppe KTV Sempach von der im Jahre 1958 gegr\u00fcndeten Turnerinnengruppe und wurde ein eigenst\u00e4ndiger Verein:<br>Der&nbsp;<strong>Sportverein Sempach<\/strong>&nbsp;feierte Geburtstag!<br>Initiant und Gr\u00fcnder dieser turnenden&nbsp;<strong>Frauen<\/strong>&nbsp;war ein&nbsp;<strong>Mann<\/strong>, der damalige Kaplan Siegfried Arnold.<br>Die Gr\u00fcndung vom 25.April 1966 wurde in der lokalen Presse nicht erw\u00e4hnt, da sich das Wirken im Verein mehr hinter den Kulissen abspielte. Mit einem j\u00e4hrlichen Beitrag von Fr. 16.- wurde den 29 Gr\u00fcndungsmitgliedern w\u00f6chentlich eine Turnstunde, unter der Leitung von Fr\u00e4ulein Helen Bucher, Primarlehrerin in Sempach, geboten.<br>Frauen und M\u00fctter wurden ermuntert und aufgefordert, mit einem Trainingsanzug oder einem zweckentsprechenden Kleidungst\u00fcck und Turnschuhen ausger\u00fcstet, den Weg am Montag-Abend in die Turnhalle zu wagen.<\/p>\n","protected":false},"excerpt":{"rendered":"<p>Kurzfassung Chronik Sportverein Sempach Im Jahre 1966 l\u00f6ste sich die Frauenturngruppe KTV Sempach von der im Jahre 1958 gegr\u00fcndeten Turnerinnengruppe und wurde ein eigenst\u00e4ndiger Verein:Der&nbsp;Sportverein Sempach&nbsp;feierte Geburtstag!Initiant und Gr\u00fcnder dieser turnenden&nbsp;Frauen&nbsp;war ein&nbsp;Mann, der damalige Kaplan Siegfried Arnold.Die Gr\u00fcndung vom 25.April 1966 wurde in der lokalen Presse nicht erw\u00e4hnt, da sich das Wirken im Verein mehr &hellip; <\/p>\n<p class=\"link-more\"><a href=\"https:\/\/svsempach.ch\/?page_id=217\" class=\"more-link\"><span class=\"screen-reader-text\">\u201eVerein\u201c <\/span>weiterlesen<\/a><\/p>\n","protected":false},"author":1,"featured_media":0,"parent":0,"menu_order":0,"comment_status":"closed","ping_status":"closed","template":"","meta":{"ngg_post_thumbnail":0,"footnotes":""},"class_list":["post-217","page","type-page","status-publish","hentry"],"aioseo_notices":[],"aioseo_head":"\n\t\t<!-- All in One SEO 5.0.0.1 - aioseo.com -->\n\t<meta name=\"description\" content=\"Veranstaltungen Berichte Jahresprogramm Kurzfassung Chronik Sportverein Sempach Im Jahre 1966 l\u00f6ste sich die Frauenturngruppe KTV Sempach von der im Jahre 1958 gegr\u00fcndeten Turnerinnengruppe und wurde ein eigenst\u00e4ndiger Verein:Der Sportverein Sempach feierte Geburtstag!Initiant und Gr\u00fcnder dieser turnenden Frauen war ein Mann, der damalige Kaplan Siegfried Arnold.Die Gr\u00fcndung vom 25.April 1966 wurde in der lokalen Presse nicht erw\u00e4hnt, da sich das Wirken\" \/>\n\t<meta name=\"robots\" content=\"max-image-preview:large\" \/>\n\t<link rel=\"canonical\" href=\"https:\/\/svsempach.ch\/?page_id=217\" \/>\n\t<meta name=\"generator\" content=\"All in One SEO (AIOSEO) 5.0.0.1\" \/>\n\t\t<meta property=\"og:locale\" content=\"de_DE\" \/>\n\t\t<meta property=\"og:site_name\" content=\"SV Sempach - Sportverein Sempach\" \/>\n\t\t<meta property=\"og:type\" content=\"article\" \/>\n\t\t<meta property=\"og:title\" content=\"Verein - SV Sempach\" \/>\n\t\t<meta property=\"og:description\" content=\"Veranstaltungen Berichte Jahresprogramm Kurzfassung Chronik Sportverein Sempach Im Jahre 1966 l\u00f6ste sich die Frauenturngruppe KTV Sempach von der im Jahre 1958 gegr\u00fcndeten Turnerinnengruppe und wurde ein eigenst\u00e4ndiger Verein:Der Sportverein Sempach feierte Geburtstag!Initiant und Gr\u00fcnder dieser turnenden Frauen war ein Mann, der damalige Kaplan Siegfried Arnold.Die Gr\u00fcndung vom 25.April 1966 wurde in der lokalen Presse nicht erw\u00e4hnt, da sich das Wirken\" \/>\n\t\t<meta property=\"og:url\" content=\"https:\/\/svsempach.ch\/?page_id=217\" \/>\n\t\t<meta property=\"article:published_time\" content=\"2021-11-28T21:02:44+00:00\" \/>\n\t\t<meta property=\"article:modified_time\" content=\"2021-12-06T08:25:58+00:00\" \/>\n\t\t<meta name=\"twitter:card\" content=\"summary_large_image\" \/>\n\t\t<meta name=\"twitter:title\" content=\"Verein - SV Sempach\" \/>\n\t\t<meta name=\"twitter:description\" content=\"Veranstaltungen Berichte Jahresprogramm Kurzfassung Chronik Sportverein Sempach Im Jahre 1966 l\u00f6ste sich die Frauenturngruppe KTV Sempach von der im Jahre 1958 gegr\u00fcndeten Turnerinnengruppe und wurde ein eigenst\u00e4ndiger Verein:Der Sportverein Sempach feierte Geburtstag!Initiant und Gr\u00fcnder dieser turnenden Frauen war ein Mann, der damalige Kaplan Siegfried Arnold.Die Gr\u00fcndung vom 25.April 1966 wurde in der lokalen Presse nicht erw\u00e4hnt, da sich das Wirken\" \/>\n\t\t<script type=\"application\/ld+json\" class=\"aioseo-schema\">\n\t\t\t{\"@context\":\"https:\\\/\\\/schema.org\",\"@graph\":[{\"@type\":\"BreadcrumbList\",\"@id\":\"https:\\\/\\\/svsempach.ch\\\/?page_id=217#breadcrumblist\",\"itemListElement\":[{\"@type\":\"ListItem\",\"@id\":\"https:\\\/\\\/svsempach.ch#listItem\",\"position\":1,\"name\":\"Home\",\"item\":\"https:\\\/\\\/svsempach.ch\",\"nextItem\":{\"@type\":\"ListItem\",\"@id\":\"https:\\\/\\\/svsempach.ch\\\/?page_id=217#listItem\",\"name\":\"Verein\"}},{\"@type\":\"ListItem\",\"@id\":\"https:\\\/\\\/svsempach.ch\\\/?page_id=217#listItem\",\"position\":2,\"name\":\"Verein\",\"previousItem\":{\"@type\":\"ListItem\",\"@id\":\"https:\\\/\\\/svsempach.ch#listItem\",\"name\":\"Home\"}}]},{\"@type\":\"Organization\",\"@id\":\"https:\\\/\\\/svsempach.ch\\\/#organization\",\"name\":\"SV Sempach\",\"description\":\"Sportverein Sempach\",\"url\":\"https:\\\/\\\/svsempach.ch\\\/\"},{\"@type\":\"WebPage\",\"@id\":\"https:\\\/\\\/svsempach.ch\\\/?page_id=217#webpage\",\"url\":\"https:\\\/\\\/svsempach.ch\\\/?page_id=217\",\"name\":\"Verein - SV Sempach\",\"description\":\"Veranstaltungen Berichte Jahresprogramm Kurzfassung Chronik Sportverein Sempach Im Jahre 1966 l\\u00f6ste sich die Frauenturngruppe KTV Sempach von der im Jahre 1958 gegr\\u00fcndeten Turnerinnengruppe und wurde ein eigenst\\u00e4ndiger Verein:Der Sportverein Sempach feierte Geburtstag!Initiant und Gr\\u00fcnder dieser turnenden Frauen war ein Mann, der damalige Kaplan Siegfried Arnold.Die Gr\\u00fcndung vom 25.April 1966 wurde in der lokalen Presse nicht erw\\u00e4hnt, da sich das Wirken\",\"inLanguage\":\"de-DE\",\"isPartOf\":{\"@id\":\"https:\\\/\\\/svsempach.ch\\\/#website\"},\"breadcrumb\":{\"@id\":\"https:\\\/\\\/svsempach.ch\\\/?page_id=217#breadcrumblist\"},\"datePublished\":\"2021-11-28T21:02:44+00:00\",\"dateModified\":\"2021-12-06T08:25:58+00:00\"},{\"@type\":\"WebSite\",\"@id\":\"https:\\\/\\\/svsempach.ch\\\/#website\",\"url\":\"https:\\\/\\\/svsempach.ch\\\/\",\"name\":\"SV Sempach\",\"description\":\"Sportverein Sempach\",\"inLanguage\":\"de-DE\",\"publisher\":{\"@id\":\"https:\\\/\\\/svsempach.ch\\\/#organization\"}}]}\n\t\t<\/script>\n\t\t<!-- All in One SEO -->\n\n","aioseo_head_json":{"title":"Verein - SV Sempach","description":"Veranstaltungen Berichte Jahresprogramm Kurzfassung Chronik Sportverein Sempach Im Jahre 1966 l\u00f6ste sich die Frauenturngruppe KTV Sempach von der im Jahre 1958 gegr\u00fcndeten Turnerinnengruppe und wurde ein eigenst\u00e4ndiger Verein:Der Sportverein Sempach feierte Geburtstag!Initiant und Gr\u00fcnder dieser turnenden Frauen war ein Mann, der damalige Kaplan Siegfried Arnold.Die Gr\u00fcndung vom 25.April 1966 wurde in der lokalen Presse nicht erw\u00e4hnt, da sich das Wirken","canonical_url":"https:\/\/svsempach.ch\/?page_id=217","robots":"max-image-preview:large","keywords":"","webmasterTools":{"miscellaneous":""},"schema":{"@context":"https:\/\/schema.org","@graph":[{"@type":"BreadcrumbList","@id":"https:\/\/svsempach.ch\/?page_id=217#breadcrumblist","itemListElement":[{"@type":"ListItem","@id":"https:\/\/svsempach.ch#listItem","position":1,"name":"Home","item":"https:\/\/svsempach.ch","nextItem":{"@type":"ListItem","@id":"https:\/\/svsempach.ch\/?page_id=217#listItem","name":"Verein"}},{"@type":"ListItem","@id":"https:\/\/svsempach.ch\/?page_id=217#listItem","position":2,"name":"Verein","previousItem":{"@type":"ListItem","@id":"https:\/\/svsempach.ch#listItem","name":"Home"}}]},{"@type":"Organization","@id":"https:\/\/svsempach.ch\/#organization","name":"SV Sempach","description":"Sportverein Sempach","url":"https:\/\/svsempach.ch\/"},{"@type":"WebPage","@id":"https:\/\/svsempach.ch\/?page_id=217#webpage","url":"https:\/\/svsempach.ch\/?page_id=217","name":"Verein - SV Sempach","description":"Veranstaltungen Berichte Jahresprogramm Kurzfassung Chronik Sportverein Sempach Im Jahre 1966 l\u00f6ste sich die Frauenturngruppe KTV Sempach von der im Jahre 1958 gegr\u00fcndeten Turnerinnengruppe und wurde ein eigenst\u00e4ndiger Verein:Der Sportverein Sempach feierte Geburtstag!Initiant und Gr\u00fcnder dieser turnenden Frauen war ein Mann, der damalige Kaplan Siegfried Arnold.Die Gr\u00fcndung vom 25.April 1966 wurde in der lokalen Presse nicht erw\u00e4hnt, da sich das Wirken","inLanguage":"de-DE","isPartOf":{"@id":"https:\/\/svsempach.ch\/#website"},"breadcrumb":{"@id":"https:\/\/svsempach.ch\/?page_id=217#breadcrumblist"},"datePublished":"2021-11-28T21:02:44+00:00","dateModified":"2021-12-06T08:25:58+00:00"},{"@type":"WebSite","@id":"https:\/\/svsempach.ch\/#website","url":"https:\/\/svsempach.ch\/","name":"SV Sempach","description":"Sportverein Sempach","inLanguage":"de-DE","publisher":{"@id":"https:\/\/svsempach.ch\/#organization"}}]},"og:locale":"de_DE","og:site_name":"SV Sempach - Sportverein Sempach","og:type":"article","og:title":"Verein - SV Sempach","og:description":"Veranstaltungen Berichte Jahresprogramm Kurzfassung Chronik Sportverein Sempach Im Jahre 1966 l\u00f6ste sich die Frauenturngruppe KTV Sempach von der im Jahre 1958 gegr\u00fcndeten Turnerinnengruppe und wurde ein eigenst\u00e4ndiger Verein:Der Sportverein Sempach feierte Geburtstag!Initiant und Gr\u00fcnder dieser turnenden Frauen war ein Mann, der damalige Kaplan Siegfried Arnold.Die Gr\u00fcndung vom 25.April 1966 wurde in der lokalen Presse nicht erw\u00e4hnt, da sich das Wirken","og:url":"https:\/\/svsempach.ch\/?page_id=217","article:published_time":"2021-11-28T21:02:44+00:00","article:modified_time":"2021-12-06T08:25:58+00:00","twitter:card":"summary_large_image","twitter:title":"Verein - SV Sempach","twitter:description":"Veranstaltungen Berichte Jahresprogramm Kurzfassung Chronik Sportverein Sempach Im Jahre 1966 l\u00f6ste sich die Frauenturngruppe KTV Sempach von der im Jahre 1958 gegr\u00fcndeten Turnerinnengruppe und wurde ein eigenst\u00e4ndiger Verein:Der Sportverein Sempach feierte Geburtstag!Initiant und Gr\u00fcnder dieser turnenden Frauen war ein Mann, der damalige Kaplan Siegfried Arnold.Die Gr\u00fcndung vom 25.April 1966 wurde in der lokalen Presse nicht erw\u00e4hnt, da sich das Wirken"},"aioseo_meta_data":{"post_id":"217","title":null,"description":null,"keywords":null,"keyphrases":null,"primary_term":null,"canonical_url":null,"og_title":null,"og_description":null,"og_object_type":"default","og_image_type":"default","og_image_custom_url":null,"og_image_custom_fields":null,"og_image_url":null,"og_image_width":null,"og_image_height":null,"og_video":null,"og_custom_url":null,"og_article_section":null,"og_article_tags":null,"twitter_use_og":false,"twitter_card":"default","twitter_image_type":"default","twitter_image_custom_url":null,"twitter_image_custom_fields":null,"twitter_image_url":null,"twitter_title":null,"twitter_description":null,"schema_type":"default","schema_type_options":null,"schema":{"blockGraphs":[],"customGraphs":[],"default":{"data":{"Article":[],"Course":[],"Dataset":[],"FAQPage":[],"Movie":[],"Person":[],"Product":[],"ProductReview":[],"Car":[],"Recipe":[],"Service":[],"SoftwareApplication":[],"WebPage":[]},"graphName":"","isEnabled":true},"graphs":[]},"pillar_content":false,"robots_default":true,"robots_noindex":false,"robots_noarchive":false,"robots_nosnippet":false,"robots_nofollow":false,"robots_noimageindex":false,"robots_noodp":false,"robots_notranslate":false,"robots_max_snippet":null,"robots_max_videopreview":null,"robots_max_imagepreview":"large","priority":null,"frequency":null,"local_seo":null,"limit_modified_date":false,"ai":null,"breadcrumb_settings":null,"seo_analyzer_scan_date":null,"created":"2026-06-04 08:11:00","updated":"2026-06-04 08:11:00","focus_keyword":null,"additional_keywords":null,"truseo_locale":null},"aioseo_breadcrumb":"<div class=\"aioseo-breadcrumbs\"><span class=\"aioseo-breadcrumb\">\n\t\t\t<a href=\"https:\/\/svsempach.ch\" title=\"Home\">Home<\/a>\n\t\t<\/span><span class=\"aioseo-breadcrumb-separator\">&raquo;<\/span><span class=\"aioseo-breadcrumb\">\n\t\t\tVerein\n\t\t<\/span><\/div>","aioseo_breadcrumb_json":[{"label":"Home","link":"https:\/\/svsempach.ch"},{"label":"Verein","link":"https:\/\/svsempach.ch\/?page_id=217"}],"_links":{"self":[{"href":"https:\/\/svsempach.ch\/index.php?rest_route=\/wp\/v2\/pages\/217","targetHints":{"allow":["GET"]}}],"collection":[{"href":"https:\/\/svsempach.ch\/index.php?rest_route=\/wp\/v2\/pages"}],"about":[{"href":"https:\/\/svsempach.ch\/index.php?rest_route=\/wp\/v2\/types\/page"}],"author":[{"embeddable":true,"href":"https:\/\/svsempach.ch\/index.php?rest_route=\/wp\/v2\/users\/1"}],"replies":[{"embeddable":true,"href":"https:\/\/svsempach.ch\/index.php?rest_route=%2Fwp%2Fv2%2Fcomments&post=217"}],"version-history":[{"count":2,"href":"https:\/\/svsempach.ch\/index.php?rest_route=\/wp\/v2\/pages\/217\/revisions"}],"predecessor-version":[{"id":348,"href":"https:\/\/svsempach.ch\/index.php?rest_route=\/wp\/v2\/pages\/217\/revisions\/348"}],"wp:attachment":[{"href":"https:\/\/svsempach.ch\/index.php?rest_route=%2Fwp%2Fv2%2Fmedia&parent=217"}],"curies":[{"name":"wp","href":"https:\/\/api.w.org\/{rel}","templated":true}]}}